{"id":2089,"date":"2016-12-20T12:33:09","date_gmt":"2016-12-20T12:33:09","guid":{"rendered":"http:\/\/calle2.net\/habitaciones\/"},"modified":"2016-12-20T12:33:09","modified_gmt":"2016-12-20T12:33:09","slug":"habitaciones","status":"publish","type":"page","link":"https:\/\/calle2.net\/de\/habitaciones\/","title":{"rendered":"Room List Grid-ES"},"content":{"rendered":"<div class=\"wpb-content-wrapper\"><p>[vc_row transparent_overlay=&#8220;transparent_film&#8220; css=&#8220;.vc_custom_1496139471029{background-position: center !important;background-repeat: no-repeat !important;background-size: contain !important;}&#8220;][vc_column transparent_overlay=&#8220;transparent_film&#8220; align=&#8220;text-left&#8220; css=&#8220;.vc_custom_1496139335873{background-color: #848484 !important;}&#8220;]<div class=\"ple_anypostloop_shortcode wpb_content_element  \"><div id=\"grid_58592468e7258\" class=\"grid_wrapper row clearfix  rooms_grid_classic_vertical_wrapper \">\n        <div class=\"rooms_grid_item grid_item col-xs-12 grid_sizer col-md-6 col-sm-6   \" >\n                <div class=\"rooms_grid_item_photo\">\n                        <a href=\"https:\/\/calle2.net\/de\/room\/salon-exposiciones\/\" title=\"Lobby und Ausstellungen\" target=\"_parent\" class=\"\">\n                        \n                        <img decoding=\"async\" src=\"https:\/\/calle2.net\/wp-content\/uploads\/2017\/05\/DSC3600.jpg\" alt=\"Lobby und Ausstellungen\">\n                        \n                        <\/a>\n                <\/div>\n\n                <div class=\"rooms_grid_item_content \">\n                        <h3 class=\"textify_links\"><a href=\"https:\/\/calle2.net\/de\/room\/salon-exposiciones\/\" title=\"Lobby und Ausstellungen\" target=\"_parent\" class=\"\">Lobby und Ausstellungen<\/a><\/h3>\n                        \n                        <div class=\"room_listed_amenities\">\n                               \n                                <i data-toggle=\"tooltip\" data-placement=\"top\" class=\"amenities hi hi-air-conditioner\" data-original-title=\"This room is equipped with an air conditioner\"><\/i> \n                               \n                                <i data-toggle=\"tooltip\" data-placement=\"top\" class=\"amenities hi hi-bar\" data-original-title=\"This room is equipped with a mini bar\"><\/i> \n                               \n                                <i data-toggle=\"tooltip\" data-placement=\"top\" class=\"amenities hi hi-coffee-maker\" data-original-title=\"This room is equipped with a coffee maker machine\"><\/i> \n                        <\/div>\n                        <p class=\"excerpt\">La casona de 1920 que hoy es ARTeHOTEL Calle 2 ha transformado sus enormes muros interiores en una Galer\u00eda de Exposiciones donde se realizan constantes exhibiciones de proyectos art\u00edsticos seleccionados. La Galer\u00eda cuenta con 51 metros lineales de superficie expositiva y est\u00e1 dotada con un&hellip;<\/p>\n\n                        <a href=\"https:\/\/calle2.net\/de\/room\/salon-exposiciones\/\" title=\"Lobby und Ausstellungen\" target=\"_parent\" class=\"btn btn-link \">mehr lesen<\/a>\n                <\/div>\n\n        <\/div>\n        <div class=\"rooms_grid_item grid_item col-xs-12 grid_sizer col-md-6 col-sm-6   \" >\n                <div class=\"rooms_grid_item_photo\">\n                        <a href=\"https:\/\/calle2.net\/de\/room\/salon-terraza\/\" title=\"Terrasse und Salon\" target=\"_parent\" class=\"\">\n                        \n                        <img decoding=\"async\" src=\"https:\/\/calle2.net\/wp-content\/uploads\/2017\/05\/Salones-4-1024x656.jpg\" alt=\"Terrasse und Salon\">\n                        \n                        <\/a>\n                <\/div>\n\n                <div class=\"rooms_grid_item_content \">\n                        <h3 class=\"textify_links\"><a href=\"https:\/\/calle2.net\/de\/room\/salon-terraza\/\" title=\"Terrasse und Salon\" target=\"_parent\" class=\"\">Terrasse und Salon<\/a><\/h3>\n                        \n                        <div class=\"room_listed_amenities\">\n                        <\/div>\n                        <p class=\"excerpt\">La casona de calle 2 cuenta con una hermosa terraza rodeada de majestuosos \u00e1rboles, donde aislarse completamente del bullicio de La Habana. Un lugar donde nuestros clientes pueden desayunar, tomar un aperitivo y comer o disfrutar de su tiempo de paz. Es nuestro oasis en&hellip;<\/p>\n\n                        <a href=\"https:\/\/calle2.net\/de\/room\/salon-terraza\/\" title=\"Terrasse und Salon\" target=\"_parent\" class=\"btn btn-link \">mehr lesen<\/a>\n                <\/div>\n\n        <\/div>\n        <div class=\"rooms_grid_item grid_item col-xs-12 grid_sizer col-md-6 col-sm-6   \" >\n                <div class=\"rooms_grid_item_photo\">\n                        <a href=\"https:\/\/calle2.net\/de\/room\/poesia\/\" title=\"Suite Poesia (H2)\" target=\"_parent\" class=\"\">\n                        \n                        <img decoding=\"async\" src=\"https:\/\/calle2.net\/wp-content\/uploads\/2017\/06\/DSC3436.jpg\" alt=\"Suite Poesia (H2)\">\n                        \n                        <\/a>\n                <\/div>\n\n                <div class=\"rooms_grid_item_content \">\n                        <h3 class=\"textify_links\"><a href=\"https:\/\/calle2.net\/de\/room\/poesia\/\" title=\"Suite Poesia (H2)\" target=\"_parent\" class=\"\">Suite Poesia (H2)<\/a><\/h3>\n                        \n                        <div class=\"room_listed_amenities\">\n                               \n                                <i data-toggle=\"tooltip\" data-placement=\"top\" class=\"amenities hi hi-air-conditioner\" data-original-title=\"This room is equipped with an air conditioner\"><\/i> \n                               \n                                <i data-toggle=\"tooltip\" data-placement=\"top\" class=\"amenities hi hi-bathtub\" data-original-title=\"This room has a bathtub\"><\/i> \n                               \n                                <i data-toggle=\"tooltip\" data-placement=\"top\" class=\"amenities hi hi-hair-dryer\" data-original-title=\"This room is equipped with a hair dryer\"><\/i> \n                        <\/div>\n                        <p class=\"excerpt\">Die gro\u00dfz\u00fcgige Suite POESIA ist gewidmet der kubanischen Literatur, im speziellen der kubanischen Dichterin CARILDA OLIVER. Geboren in der Stadt Matanzas, mit ihren erotischen Versen und ihrer fantasievollen Ausdruckskraft, ist sie ein zeitloses Symbol der kubanischen Literatur.<\/p>\n\n                        <a href=\"https:\/\/calle2.net\/de\/room\/poesia\/\" title=\"Suite Poesia (H2)\" target=\"_parent\" class=\"btn btn-link \">mehr lesen<\/a>\n                <\/div>\n\n        <\/div>\n        <div class=\"rooms_grid_item grid_item col-xs-12 grid_sizer col-md-6 col-sm-6   \" >\n                <div class=\"rooms_grid_item_photo\">\n                        <a href=\"https:\/\/calle2.net\/de\/room\/doble-cama-cosina-sala-de-estar\/\" title=\"Apartment &amp;#8211;  Autor (H6)\" target=\"_parent\" class=\"\">\n                        \n                        <img decoding=\"async\" src=\"https:\/\/calle2.net\/wp-content\/uploads\/2017\/06\/IMG_7527.jpg\" alt=\"Apartment &amp;#8211;  Autor (H6)\">\n                        \n                        <\/a>\n                <\/div>\n\n                <div class=\"rooms_grid_item_content \">\n                        <h3 class=\"textify_links\"><a href=\"https:\/\/calle2.net\/de\/room\/doble-cama-cosina-sala-de-estar\/\" title=\"Apartment &amp;#8211;  Autor (H6)\" target=\"_parent\" class=\"\">Apartment &#8211;  Autor (H6)<\/a><\/h3>\n                        \n                        <div class=\"room_listed_amenities\">\n                               \n                                <i data-toggle=\"tooltip\" data-placement=\"top\" class=\"amenities hi hi-air-conditioner\" data-original-title=\"This room is equipped with an air conditioner\"><\/i> \n                               \n                                <i data-toggle=\"tooltip\" data-placement=\"top\" class=\"amenities hi hi-bar\" data-original-title=\"This room is equipped with a mini bar\"><\/i> \n                               \n                                <i data-toggle=\"tooltip\" data-placement=\"top\" class=\"amenities hi hi-bathtub\" data-original-title=\"This room has a bathtub\"><\/i> \n                        <\/div>\n                        <p class=\"excerpt\">Das Apartment der Autoren (Autor) Ein ganz besonderer Platz in unserem ARTeHOTEL. Ein eigenst\u00e4ndiges Apartment mit seiner Terrasse zum \u201eechten kubanischen Innenhof\u201c, verbunden mit dem Haupthaus. Ein perfekter Platz f\u00fcr l\u00e4ngere Aufenthalte, der Platz f\u00fcr AUTOREN! &nbsp; Ausstattung: Das Apartment verf\u00fcgt \u00fcber einen Wohnraum mit&hellip;<\/p>\n                        <p class=\"booking_price\">\n                                \n                                <span class=\"booking_price\">115 \u20ac<\/span>\n                                \n                        <\/p>\n\n                        <a href=\"https:\/\/calle2.net\/de\/room\/doble-cama-cosina-sala-de-estar\/\" title=\"Apartment &amp;#8211;  Autor (H6)\" target=\"_parent\" class=\"btn btn-link \">mehr lesen<\/a>\n                <\/div>\n\n        <\/div>\n        <div class=\"rooms_grid_item grid_item col-xs-12 grid_sizer col-md-6 col-sm-6   \" >\n                <div class=\"rooms_grid_item_photo\">\n                        <a href=\"https:\/\/calle2.net\/de\/room\/dubble-cama-king-sice-3\/\" title=\"Zimmer Danza (H5)\" target=\"_parent\" class=\"\">\n                        \n                        <img decoding=\"async\" src=\"https:\/\/calle2.net\/wp-content\/uploads\/2017\/05\/DSC3211-1024x678.jpg\" alt=\"Zimmer Danza (H5)\">\n                        \n                        <\/a>\n                <\/div>\n\n                <div class=\"rooms_grid_item_content \">\n                        <h3 class=\"textify_links\"><a href=\"https:\/\/calle2.net\/de\/room\/dubble-cama-king-sice-3\/\" title=\"Zimmer Danza (H5)\" target=\"_parent\" class=\"\">Zimmer Danza (H5)<\/a><\/h3>\n                        \n                        <div class=\"room_listed_amenities\">\n                               \n                                <i data-toggle=\"tooltip\" data-placement=\"top\" class=\"amenities hi hi-air-conditioner\" data-original-title=\"This room is equipped with an air conditioner\"><\/i> \n                               \n                                <i data-toggle=\"tooltip\" data-placement=\"top\" class=\"amenities hi hi-bathtub\" data-original-title=\"This room has a bathtub\"><\/i> \n                               \n                                <i data-toggle=\"tooltip\" data-placement=\"top\" class=\"amenities hi hi-hair-dryer\" data-original-title=\"This room is equipped with a hair dryer\"><\/i> \n                        <\/div>\n                        <p class=\"excerpt\">DANZA ist gewidmet der Kunst des Tanzens, mit den Portaits von Viengsay Vald\u00e9s (Primaballerina des national ballet of Cuba) und Lizt Alfonso. TANZ ist ein herrausragener Teil der kubanischen Kunst. Das Nationalbalett<\/p>\n                        <p class=\"booking_price\">\n                                \n                                <span class=\"booking_price\">98 \u20ac<\/span>\n                                \n                        <\/p>\n\n                        <a href=\"https:\/\/calle2.net\/de\/room\/dubble-cama-king-sice-3\/\" title=\"Zimmer Danza (H5)\" target=\"_parent\" class=\"btn btn-link \">mehr lesen<\/a>\n                <\/div>\n\n        <\/div>\n        <div class=\"rooms_grid_item grid_item col-xs-12 grid_sizer col-md-6 col-sm-6   \" >\n                <div class=\"rooms_grid_item_photo\">\n                        <a href=\"https:\/\/calle2.net\/de\/room\/cine_es\/\" title=\"Zimmer Cine (H1)\" target=\"_parent\" class=\"\">\n                        \n                        <img decoding=\"async\" src=\"https:\/\/calle2.net\/wp-content\/uploads\/2016\/11\/DSC3218-1-1024x678.jpg\" alt=\"Zimmer Cine (H1)\">\n                        \n                        <\/a>\n                <\/div>\n\n                <div class=\"rooms_grid_item_content \">\n                        <h3 class=\"textify_links\"><a href=\"https:\/\/calle2.net\/de\/room\/cine_es\/\" title=\"Zimmer Cine (H1)\" target=\"_parent\" class=\"\">Zimmer Cine (H1)<\/a><\/h3>\n                        \n                        <div class=\"room_listed_amenities\">\n                               \n                                <i data-toggle=\"tooltip\" data-placement=\"top\" class=\"amenities hi hi-air-conditioner\" data-original-title=\"This room is equipped with an air conditioner\"><\/i> \n                               \n                                <i data-toggle=\"tooltip\" data-placement=\"top\" class=\"amenities hi hi-bathtub\" data-original-title=\"This room has a bathtub\"><\/i> \n                               \n                                <i data-toggle=\"tooltip\" data-placement=\"top\" class=\"amenities hi hi-hair-dryer\" data-original-title=\"This room is equipped with a hair dryer\"><\/i> \n                        <\/div>\n                        <p class=\"excerpt\">CINE ist inspiriert vom kubanischen Film und seinen Schauspielern. Die Geschichte des kubanisches Kinos begann mit dem Sieg der Revolution 1959. Ab diesem Moment haben die Drehbuchautoren, Produzenten und Schauspieler...<\/p>\n\n                        <a href=\"https:\/\/calle2.net\/de\/room\/cine_es\/\" title=\"Zimmer Cine (H1)\" target=\"_parent\" class=\"btn btn-link \">mehr lesen<\/a>\n                <\/div>\n\n        <\/div>\n        <div class=\"rooms_grid_item grid_item col-xs-12 grid_sizer col-md-6 col-sm-6   \" >\n                <div class=\"rooms_grid_item_photo\">\n                        <a href=\"https:\/\/calle2.net\/de\/room\/dubble-cama-king-sice\/\" title=\"Zimmer Plastica (H3)\" target=\"_parent\" class=\"\">\n                        \n                        <img decoding=\"async\" src=\"https:\/\/calle2.net\/wp-content\/uploads\/2017\/06\/DSC3693.jpg\" alt=\"Zimmer Plastica (H3)\">\n                        \n                        <\/a>\n                <\/div>\n\n                <div class=\"rooms_grid_item_content \">\n                        <h3 class=\"textify_links\"><a href=\"https:\/\/calle2.net\/de\/room\/dubble-cama-king-sice\/\" title=\"Zimmer Plastica (H3)\" target=\"_parent\" class=\"\">Zimmer Plastica (H3)<\/a><\/h3>\n                        \n                        <div class=\"room_listed_amenities\">\n                               \n                                <i data-toggle=\"tooltip\" data-placement=\"top\" class=\"amenities hi hi-air-conditioner\" data-original-title=\"This room is equipped with an air conditioner\"><\/i> \n                               \n                                <i data-toggle=\"tooltip\" data-placement=\"top\" class=\"amenities hi hi-alarm-clock-1\" data-original-title=\"This room has alarm clock service\"><\/i> \n                               \n                                <i data-toggle=\"tooltip\" data-placement=\"top\" class=\"amenities hi hi-bathtub\" data-original-title=\"This room has a bathtub\"><\/i> \n                        <\/div>\n                        <p class=\"excerpt\">Das gro\u00dfz\u00fcgige Zimmer PINTORES ist gewidmet der plastischen Kunst und der Malerei. Heute ist die Malerei eine der wichtigsten und lebendigsten k\u00fcnstlerischen Ausdrucksformen Kubas, die den verschiedenen K\u00fcnstler-Kollektiven weltweit eine un\u00fcberh\u00f6rbare Stimme verleiht. Weltbekannte Maler<\/p>\n                        <p class=\"booking_price\">\n                                \n                                <span class=\"booking_price\">110 \u20ac<\/span>\n                                \n                        <\/p>\n\n                        <a href=\"https:\/\/calle2.net\/de\/room\/dubble-cama-king-sice\/\" title=\"Zimmer Plastica (H3)\" target=\"_parent\" class=\"btn btn-link \">mehr lesen<\/a>\n                <\/div>\n\n        <\/div>\n        <div class=\"rooms_grid_item grid_item col-xs-12 grid_sizer col-md-6 col-sm-6   \" >\n                <div class=\"rooms_grid_item_photo\">\n                        <a href=\"https:\/\/calle2.net\/de\/room\/musica_es\/\" title=\"Zimmer M\u00fasica (H4)\" target=\"_parent\" class=\"\">\n                        \n                        <img decoding=\"async\" src=\"https:\/\/calle2.net\/wp-content\/uploads\/2016\/11\/DSC3520.jpg\" alt=\"Zimmer M\u00fasica (H4)\">\n                        \n                        <\/a>\n                <\/div>\n\n                <div class=\"rooms_grid_item_content \">\n                        <h3 class=\"textify_links\"><a href=\"https:\/\/calle2.net\/de\/room\/musica_es\/\" title=\"Zimmer M\u00fasica (H4)\" target=\"_parent\" class=\"\">Zimmer M\u00fasica (H4)<\/a><\/h3>\n                        \n                        <div class=\"room_listed_amenities\">\n                               \n                                <i data-toggle=\"tooltip\" data-placement=\"top\" class=\"amenities hi hi-air-conditioner\" data-original-title=\"This room is equipped with an air conditioner\"><\/i> \n                               \n                                <i data-toggle=\"tooltip\" data-placement=\"top\" class=\"amenities hi hi-alarm-clock-1\" data-original-title=\"This room has alarm clock service\"><\/i> \n                               \n                                <i data-toggle=\"tooltip\" data-placement=\"top\" class=\"amenities hi hi-bathtub\" data-original-title=\"This room has a bathtub\"><\/i> \n                        <\/div>\n                        <p class=\"excerpt\">Inspiration der kubanischen Musik. Kuba dr\u00fcckt sich aus durch seine Musik, und ist damit weltbekannt geworden. Wer kennt nicht mindestens ein kubanisches Lied oder eine Melodie? Die Verschmelzung von spanischen und afrikanischen Musikelementen wurde zu der Kubanischen Musik. Hierdurch wurde sie zu einer herausragenden, einzigartigen&hellip;<\/p>\n\n                        <a href=\"https:\/\/calle2.net\/de\/room\/musica_es\/\" title=\"Zimmer M\u00fasica (H4)\" target=\"_parent\" class=\"btn btn-link \">mehr lesen<\/a>\n                <\/div>\n\n        <\/div>\n<\/div><\/div>[\/vc_column][\/vc_row]<\/p>\n<\/div>","protected":false},"excerpt":{"rendered":"<p>[vc_row transparent_overlay=&#8220;transparent_film&#8220; css=&#8220;.vc_custom_1496139471029{background-position: center !important;background-repeat: no-repeat !important;background-size: contain !important;}&#8220;][vc_column transparent_overlay=&#8220;transparent_film&#8220; align=&#8220;text-left&#8220; css=&#8220;.vc_custom_1496139335873{background-color: #848484 !important;}&#8220;][\/vc_column][\/vc_row]<\/p>\n","protected":false},"author":3,"featured_media":1211,"parent":0,"menu_order":0,"comment_status":"closed","ping_status":"closed","template":"","meta":{"inline_featured_image":false,"footnotes":""},"_links":{"self":[{"href":"https:\/\/calle2.net\/de\/wp-json\/wp\/v2\/pages\/2089"}],"collection":[{"href":"https:\/\/calle2.net\/de\/wp-json\/wp\/v2\/pages"}],"about":[{"href":"https:\/\/calle2.net\/de\/wp-json\/wp\/v2\/types\/page"}],"author":[{"embeddable":true,"href":"https:\/\/calle2.net\/de\/wp-json\/wp\/v2\/users\/3"}],"replies":[{"embeddable":true,"href":"https:\/\/calle2.net\/de\/wp-json\/wp\/v2\/comments?post=2089"}],"version-history":[{"count":0,"href":"https:\/\/calle2.net\/de\/wp-json\/wp\/v2\/pages\/2089\/revisions"}],"wp:featuredmedia":[{"embeddable":true,"href":"https:\/\/calle2.net\/de\/wp-json\/wp\/v2\/media\/1211"}],"wp:attachment":[{"href":"https:\/\/calle2.net\/de\/wp-json\/wp\/v2\/media?parent=2089"}],"curies":[{"name":"wp","href":"https:\/\/api.w.org\/{rel}","templated":true}]}}